{"id":1428,"date":"2018-06-27T08:04:15","date_gmt":"2018-06-27T08:04:15","guid":{"rendered":"https:\/\/www.life-belini.be\/portfolio-item\/natuurlijke-wateropvang-in-het-zennebekken\/"},"modified":"2022-09-16T12:56:02","modified_gmt":"2022-09-16T12:56:02","slug":"zones-dimmersion-temporaire-naturelle-dans-le-bassin-de-la-senne","status":"publish","type":"portfolio","link":"https:\/\/www.life-belini.be\/fr\/portfolio-item\/zones-dimmersion-temporaire-naturelle-dans-le-bassin-de-la-senne\/","title":{"rendered":"Zones d\u2019immersion temporaire naturelle (ZIT) dans le bassin de la Senne"},"content":{"rendered":"<h4><strong>Dans la vall\u00e9e de la Senne, nous cr\u00e9ons une dizaine de zones d\u2019immersion temporaire naturelles. L\u2019ensemble de ces zones pourrait stocker au total plus de 350 000 m\u00b3 d\u2019eau pour limiter les inondations dans le bassin. En plus de cet objectif, des am\u00e9nagements sont cr\u00e9\u00e9s dans chacune des zones, afin de pr\u00e9server, prot\u00e9ger et augmenter la biodiversit\u00e9. L\u2019am\u00e9lioration de l\u2019hydromorphologie ainsi que des services \u00e9cosyst\u00e9miques est \u00e9galement prise en compte dans chacune des zones. Les services \u00e9cosyst\u00e9miques repr\u00e9sentent les b\u00e9n\u00e9fices que les humains retirent des \u00e9cosyst\u00e8mes sans avoir \u00e0 agir pour les obtenir.<\/strong><\/h4>\n","protected":false},"excerpt":{"rendered":"<p>D\u00e9but avril 2018, l\u2019am\u00e9nagement de la zone d\u2019immersion temporaire naturelle dans le bassin de la Senne a commenc\u00e9 sur le Coeurq dans le bassin de la Senne.<\/p>\n","protected":false},"author":6,"featured_media":2925,"comment_status":"closed","ping_status":"closed","template":"","meta":{"_acf_changed":false,"_exactmetrics_skip_tracking":false,"_exactmetrics_sitenote_active":false,"_exactmetrics_sitenote_note":"","_exactmetrics_sitenote_category":0,"footnotes":""},"tags":[],"portfolio_entries":[378,60],"class_list":["post-1428","portfolio","type-portfolio","status-publish","has-post-thumbnail","hentry","portfolio_entries-subproject-quantite-de-leau-fr","portfolio_entries-subproject_waterkwantiteit-fr"],"acf":[],"yoast_head":"<!-- This site is optimized with the Yoast SEO plugin v27.4 - https:\/\/yoast.com\/product\/yoast-seo-wordpress\/ -->\n<title>Zones d\u2019immersion temporaire naturelle (ZIT) dans le bassin de la Senne - LIFE Belini<\/title>\n<meta name=\"robots\" content=\"index, follow, max-snippet:-1, max-image-preview:large, max-video-preview:-1\" \/>\n<link rel=\"canonical\" href=\"https:\/\/www.life-belini.be\/fr\/portfolio-item\/zones-dimmersion-temporaire-naturelle-dans-le-bassin-de-la-senne\/\" \/>\n<meta property=\"og:locale\" content=\"fr_FR\" \/>\n<meta property=\"og:type\" content=\"article\" \/>\n<meta property=\"og:title\" content=\"Zones d\u2019immersion temporaire naturelle (ZIT) dans le bassin de la Senne - LIFE Belini\" \/>\n<meta property=\"og:description\" content=\"D\u00e9but avril 2018, l\u2019am\u00e9nagement de la zone d\u2019immersion temporaire naturelle dans le bassin de la Senne a commenc\u00e9 sur le Coeurq dans le bassin de la Senne.\" \/>\n<meta property=\"og:url\" content=\"https:\/\/www.life-belini.be\/fr\/portfolio-item\/zones-dimmersion-temporaire-naturelle-dans-le-bassin-de-la-senne\/\" \/>\n<meta property=\"og:site_name\" content=\"LIFE Belini\" \/>\n<meta property=\"article:modified_time\" content=\"2022-09-16T12:56:02+00:00\" \/>\n<meta property=\"og:image\" content=\"https:\/\/www.life-belini.be\/wp-content\/uploads\/2018\/06\/natuurlijke-wateropvang_zenne.jpg\" \/>\n\t<meta property=\"og:image:width\" content=\"640\" \/>\n\t<meta property=\"og:image:height\" content=\"423\" \/>\n\t<meta property=\"og:image:type\" content=\"image\/jpeg\" \/>\n<meta name=\"twitter:card\" content=\"summary_large_image\" \/>\n<meta name=\"twitter:label1\" content=\"Dur\u00e9e de lecture estim\u00e9e\" \/>\n\t<meta name=\"twitter:data1\" content=\"1 minute\" \/>\n<script type=\"application\/ld+json\" class=\"yoast-schema-graph\">{\"@context\":\"https:\\\/\\\/schema.org\",\"@graph\":[{\"@type\":\"WebPage\",\"@id\":\"https:\\\/\\\/www.life-belini.be\\\/fr\\\/portfolio-item\\\/zones-dimmersion-temporaire-naturelle-dans-le-bassin-de-la-senne\\\/\",\"url\":\"https:\\\/\\\/www.life-belini.be\\\/fr\\\/portfolio-item\\\/zones-dimmersion-temporaire-naturelle-dans-le-bassin-de-la-senne\\\/\",\"name\":\"Zones d\u2019immersion temporaire naturelle (ZIT) dans le bassin de la Senne - LIFE Belini\",\"isPartOf\":{\"@id\":\"https:\\\/\\\/www.life-belini.be\\\/nl\\\/#website\"},\"primaryImageOfPage\":{\"@id\":\"https:\\\/\\\/www.life-belini.be\\\/fr\\\/portfolio-item\\\/zones-dimmersion-temporaire-naturelle-dans-le-bassin-de-la-senne\\\/#primaryimage\"},\"image\":{\"@id\":\"https:\\\/\\\/www.life-belini.be\\\/fr\\\/portfolio-item\\\/zones-dimmersion-temporaire-naturelle-dans-le-bassin-de-la-senne\\\/#primaryimage\"},\"thumbnailUrl\":\"https:\\\/\\\/www.life-belini.be\\\/wp-content\\\/uploads\\\/2018\\\/06\\\/natuurlijke-wateropvang_zenne.jpg\",\"datePublished\":\"2018-06-27T08:04:15+00:00\",\"dateModified\":\"2022-09-16T12:56:02+00:00\",\"breadcrumb\":{\"@id\":\"https:\\\/\\\/www.life-belini.be\\\/fr\\\/portfolio-item\\\/zones-dimmersion-temporaire-naturelle-dans-le-bassin-de-la-senne\\\/#breadcrumb\"},\"inLanguage\":\"fr-FR\",\"potentialAction\":[{\"@type\":\"ReadAction\",\"target\":[\"https:\\\/\\\/www.life-belini.be\\\/fr\\\/portfolio-item\\\/zones-dimmersion-temporaire-naturelle-dans-le-bassin-de-la-senne\\\/\"]}]},{\"@type\":\"ImageObject\",\"inLanguage\":\"fr-FR\",\"@id\":\"https:\\\/\\\/www.life-belini.be\\\/fr\\\/portfolio-item\\\/zones-dimmersion-temporaire-naturelle-dans-le-bassin-de-la-senne\\\/#primaryimage\",\"url\":\"https:\\\/\\\/www.life-belini.be\\\/wp-content\\\/uploads\\\/2018\\\/06\\\/natuurlijke-wateropvang_zenne.jpg\",\"contentUrl\":\"https:\\\/\\\/www.life-belini.be\\\/wp-content\\\/uploads\\\/2018\\\/06\\\/natuurlijke-wateropvang_zenne.jpg\",\"width\":640,\"height\":423,\"caption\":\"DCIM100MEDIADJI_0011.JPG\"},{\"@type\":\"BreadcrumbList\",\"@id\":\"https:\\\/\\\/www.life-belini.be\\\/fr\\\/portfolio-item\\\/zones-dimmersion-temporaire-naturelle-dans-le-bassin-de-la-senne\\\/#breadcrumb\",\"itemListElement\":[{\"@type\":\"ListItem\",\"position\":1,\"name\":\"Home\",\"item\":\"https:\\\/\\\/www.life-belini.be\\\/fr\\\/home-2\\\/\"},{\"@type\":\"ListItem\",\"position\":2,\"name\":\"Zones d\u2019immersion temporaire naturelle (ZIT) dans le bassin de la Senne\"}]},{\"@type\":\"WebSite\",\"@id\":\"https:\\\/\\\/www.life-belini.be\\\/nl\\\/#website\",\"url\":\"https:\\\/\\\/www.life-belini.be\\\/nl\\\/\",\"name\":\"LIFE Belini\",\"description\":\"Belgian initiative for making a leap forward towards good status in the river basin district of the Scheldt\",\"potentialAction\":[{\"@type\":\"SearchAction\",\"target\":{\"@type\":\"EntryPoint\",\"urlTemplate\":\"https:\\\/\\\/www.life-belini.be\\\/nl\\\/?s={search_term_string}\"},\"query-input\":{\"@type\":\"PropertyValueSpecification\",\"valueRequired\":true,\"valueName\":\"search_term_string\"}}],\"inLanguage\":\"fr-FR\"}]}<\/script>\n<!-- \/ Yoast SEO plugin. -->","yoast_head_json":{"title":"Zones d\u2019immersion temporaire naturelle (ZIT) dans le bassin de la Senne - LIFE Belini","robots":{"index":"index","follow":"follow","max-snippet":"max-snippet:-1","max-image-preview":"max-image-preview:large","max-video-preview":"max-video-preview:-1"},"canonical":"https:\/\/www.life-belini.be\/fr\/portfolio-item\/zones-dimmersion-temporaire-naturelle-dans-le-bassin-de-la-senne\/","og_locale":"fr_FR","og_type":"article","og_title":"Zones d\u2019immersion temporaire naturelle (ZIT) dans le bassin de la Senne - LIFE Belini","og_description":"D\u00e9but avril 2018, l\u2019am\u00e9nagement de la zone d\u2019immersion temporaire naturelle dans le bassin de la Senne a commenc\u00e9 sur le Coeurq dans le bassin de la Senne.","og_url":"https:\/\/www.life-belini.be\/fr\/portfolio-item\/zones-dimmersion-temporaire-naturelle-dans-le-bassin-de-la-senne\/","og_site_name":"LIFE Belini","article_modified_time":"2022-09-16T12:56:02+00:00","og_image":[{"width":640,"height":423,"url":"https:\/\/www.life-belini.be\/wp-content\/uploads\/2018\/06\/natuurlijke-wateropvang_zenne.jpg","type":"image\/jpeg"}],"twitter_card":"summary_large_image","twitter_misc":{"Dur\u00e9e de lecture estim\u00e9e":"1 minute"},"schema":{"@context":"https:\/\/schema.org","@graph":[{"@type":"WebPage","@id":"https:\/\/www.life-belini.be\/fr\/portfolio-item\/zones-dimmersion-temporaire-naturelle-dans-le-bassin-de-la-senne\/","url":"https:\/\/www.life-belini.be\/fr\/portfolio-item\/zones-dimmersion-temporaire-naturelle-dans-le-bassin-de-la-senne\/","name":"Zones d\u2019immersion temporaire naturelle (ZIT) dans le bassin de la Senne - LIFE Belini","isPartOf":{"@id":"https:\/\/www.life-belini.be\/nl\/#website"},"primaryImageOfPage":{"@id":"https:\/\/www.life-belini.be\/fr\/portfolio-item\/zones-dimmersion-temporaire-naturelle-dans-le-bassin-de-la-senne\/#primaryimage"},"image":{"@id":"https:\/\/www.life-belini.be\/fr\/portfolio-item\/zones-dimmersion-temporaire-naturelle-dans-le-bassin-de-la-senne\/#primaryimage"},"thumbnailUrl":"https:\/\/www.life-belini.be\/wp-content\/uploads\/2018\/06\/natuurlijke-wateropvang_zenne.jpg","datePublished":"2018-06-27T08:04:15+00:00","dateModified":"2022-09-16T12:56:02+00:00","breadcrumb":{"@id":"https:\/\/www.life-belini.be\/fr\/portfolio-item\/zones-dimmersion-temporaire-naturelle-dans-le-bassin-de-la-senne\/#breadcrumb"},"inLanguage":"fr-FR","potentialAction":[{"@type":"ReadAction","target":["https:\/\/www.life-belini.be\/fr\/portfolio-item\/zones-dimmersion-temporaire-naturelle-dans-le-bassin-de-la-senne\/"]}]},{"@type":"ImageObject","inLanguage":"fr-FR","@id":"https:\/\/www.life-belini.be\/fr\/portfolio-item\/zones-dimmersion-temporaire-naturelle-dans-le-bassin-de-la-senne\/#primaryimage","url":"https:\/\/www.life-belini.be\/wp-content\/uploads\/2018\/06\/natuurlijke-wateropvang_zenne.jpg","contentUrl":"https:\/\/www.life-belini.be\/wp-content\/uploads\/2018\/06\/natuurlijke-wateropvang_zenne.jpg","width":640,"height":423,"caption":"DCIM100MEDIADJI_0011.JPG"},{"@type":"BreadcrumbList","@id":"https:\/\/www.life-belini.be\/fr\/portfolio-item\/zones-dimmersion-temporaire-naturelle-dans-le-bassin-de-la-senne\/#breadcrumb","itemListElement":[{"@type":"ListItem","position":1,"name":"Home","item":"https:\/\/www.life-belini.be\/fr\/home-2\/"},{"@type":"ListItem","position":2,"name":"Zones d\u2019immersion temporaire naturelle (ZIT) dans le bassin de la Senne"}]},{"@type":"WebSite","@id":"https:\/\/www.life-belini.be\/nl\/#website","url":"https:\/\/www.life-belini.be\/nl\/","name":"LIFE Belini","description":"Belgian initiative for making a leap forward towards good status in the river basin district of the Scheldt","potentialAction":[{"@type":"SearchAction","target":{"@type":"EntryPoint","urlTemplate":"https:\/\/www.life-belini.be\/nl\/?s={search_term_string}"},"query-input":{"@type":"PropertyValueSpecification","valueRequired":true,"valueName":"search_term_string"}}],"inLanguage":"fr-FR"}]}},"_links":{"self":[{"href":"https:\/\/www.life-belini.be\/fr\/wp-json\/wp\/v2\/portfolio\/1428","targetHints":{"allow":["GET"]}}],"collection":[{"href":"https:\/\/www.life-belini.be\/fr\/wp-json\/wp\/v2\/portfolio"}],"about":[{"href":"https:\/\/www.life-belini.be\/fr\/wp-json\/wp\/v2\/types\/portfolio"}],"author":[{"embeddable":true,"href":"https:\/\/www.life-belini.be\/fr\/wp-json\/wp\/v2\/users\/6"}],"replies":[{"embeddable":true,"href":"https:\/\/www.life-belini.be\/fr\/wp-json\/wp\/v2\/comments?post=1428"}],"version-history":[{"count":0,"href":"https:\/\/www.life-belini.be\/fr\/wp-json\/wp\/v2\/portfolio\/1428\/revisions"}],"wp:featuredmedia":[{"embeddable":true,"href":"https:\/\/www.life-belini.be\/fr\/wp-json\/wp\/v2\/media\/2925"}],"wp:attachment":[{"href":"https:\/\/www.life-belini.be\/fr\/wp-json\/wp\/v2\/media?parent=1428"}],"wp:term":[{"taxonomy":"post_tag","embeddable":true,"href":"https:\/\/www.life-belini.be\/fr\/wp-json\/wp\/v2\/tags?post=1428"},{"taxonomy":"portfolio_entries","embeddable":true,"href":"https:\/\/www.life-belini.be\/fr\/wp-json\/wp\/v2\/portfolio_entries?post=1428"}],"curies":[{"name":"wp","href":"https:\/\/api.w.org\/{rel}","templated":true}]}}