{"id":1198,"date":"2018-02-01T13:23:05","date_gmt":"2018-02-01T13:23:05","guid":{"rendered":"https:\/\/www.life-belini.be\/portfolio-item\/un-maillage-vert-et-bleu-et-la-woluwe-a-ciel-ouvert\/"},"modified":"2021-02-08T14:31:14","modified_gmt":"2021-02-08T14:31:14","slug":"un-maillage-vert-et-bleu-et-la-woluwe-a-ciel-ouvert","status":"publish","type":"portfolio","link":"https:\/\/www.life-belini.be\/fr\/portfolio-item\/un-maillage-vert-et-bleu-et-la-woluwe-a-ciel-ouvert\/","title":{"rendered":"Un maillage vert et bleu et la Woluwe \u00e0 ciel ouvert"},"content":{"rendered":"<p><strong>Les espaces verts sont limit\u00e9s dans la r\u00e9gion dens\u00e9ment peupl\u00e9e qui encercle Bruxelles. En proc\u00e9dant \u00e0 l\u2019ouverture de la Woluwe \u00e0 Diegem et Zaventem, nous entendons cr\u00e9er un maillage vert et bleu qui s\u2019\u00e9tende de la for\u00eat de Soignes jusqu\u2019\u00e0 l\u2019embouchure de la rivi\u00e8re, \u00e0 Vilvorde.\u00a0<\/strong><\/p>\n<p>La vall\u00e9e de la Woluwe, situ\u00e9e au nord-est de Bruxelles, est depuis toujours mar\u00e9cageuse et alluviale. La pression exerc\u00e9e sur ce cours d\u2019eau s\u2019est accrue avec l\u2019urbanisation et l\u2019industrialisation de cette r\u00e9gion. Afin de pallier ces probl\u00e8mes, il a \u00e9t\u00e9 d\u00e9cid\u00e9 de construire un syst\u00e8me de canalisations et de collecteurs.<\/p>\n<p>Il s\u2019agit d\u2019une r\u00e9gion dens\u00e9ment peupl\u00e9e o\u00f9 les espaces verts sont assez rares. Par cons\u00e9quent, il est absolument essentiel de relier les petits espaces verts de la Flandre et de Bruxelles, et les vall\u00e9es de rivi\u00e8res peuvent souvent repr\u00e9senter un vecteur important de ces maillages verts et bleus. Gr\u00e2ce \u00e0 ce projet, c\u2019est ce que nous faisons \u00e0 deux\u00a0endroits.<\/p>\n<h4>1. La construction d\u2019une nouvelle ligne de tram \u00e0 Diegem d\u00e9gage un espace suffisant pour de nouveau permettre le passage souterrain de la Woluwe.<\/h4>\n<p>De nombreuses visions s\u2019affrontent sur cette question, mais \u00e0 ce stade, il est n\u00e9cessaire d\u2019\u00e9laborer un projet technique afin de d\u00e9terminer s\u2019il est r\u00e9aliste sur les plans technique et financier d\u2019ouvrir la rivi\u00e8re \u00e0 cet endroit. Les avantages seraient nombreux. Les deux\u00a0parties qui composent le centre de Diegem sont connect\u00e9es par un maillage vert et bleu (au lieu d\u2019une grande route), ce qui permet d\u2019accorder une place plus importante \u00e0 l\u2019eau, mais \u00e9galement d\u2019am\u00e9liorer la qualit\u00e9 de l\u2019eau et la qualit\u00e9 naturelle de la rivi\u00e8re. Gr\u00e2ce \u00e0 l\u2019am\u00e9nagement de cette rivi\u00e8re, l\u2019eau de pluie se d\u00e9versera moins rapidement dans les collecteurs et l\u2019\u00e9cr\u00eatage des eaux pluviales co\u00fbtera moins d\u2019argent.<\/p>\n<p>Une \u00e9tude de faisabilit\u00e9 a \u00e9t\u00e9 r\u00e9alis\u00e9e pour le projet d\u2019ouverture de la Woluwe \u00e0 Diegem et un trac\u00e9 a \u00e9t\u00e9 s\u00e9lectionn\u00e9. Il va d\u00e9sormais falloir le d\u00e9velopper davantage afin de demander un permis d\u2019environnement et d\u2019\u00e9laborer un dossier d\u2019appel d\u2019offres.<\/p>\n<h4>2. Le r\u00e9am\u00e9nagement de la Chauss\u00e9e de Louvain \u00e0 Zaventem lib\u00e8re de l\u2019espace pour une portion \u00e0 ciel ouvert de la Woluwe.<\/h4>\n<p>\u00c0 hauteur de la Chauss\u00e9e de Louvain \u00e0 Zaventem, la Woluwe a en partie disparu dans un conduit plac\u00e9 sous la chauss\u00e9e. En proc\u00e9dant au r\u00e9am\u00e9nagement de cette chauss\u00e9e, une nouvelle portion de conduit peut \u00eatre construite vers un espace vert situ\u00e9 \u00e0 proximit\u00e9. Il va d\u00e9sormais \u00eatre possible d\u2019ouvrir la Woluwe \u00e0 cet endroit et d\u2019y installer un syst\u00e8me de tampon souterrain.<\/p>\n<p>Cette nouvelle portion de conduit devrait \u00eatre op\u00e9rationnelle d\u2019ici la fin de l\u2019ann\u00e9e\u00a02017. Dans cette zone, l\u2019ouverture de la Woluwe commence d\u00e9but\u00a02018.<\/p>\n","protected":false},"excerpt":{"rendered":"<p>Les espaces verts sont limit\u00e9s dans la r\u00e9gion dens\u00e9ment peupl\u00e9e qui encercle Bruxelles. En proc\u00e9dant \u00e0 l\u2019ouverture de la Woluwe \u00e0 Diegem et Zaventem, nous entendons cr\u00e9er un maillage vert et bleu qui s\u2019\u00e9tende de la for\u00eat de Soignes jusqu\u2019\u00e0 l\u2019embouchure de la rivi\u00e8re, \u00e0 Vilvorde.<\/p>\n","protected":false},"author":6,"featured_media":3194,"comment_status":"closed","ping_status":"closed","template":"","meta":{"_acf_changed":false,"_exactmetrics_skip_tracking":false,"_exactmetrics_sitenote_active":false,"_exactmetrics_sitenote_note":"","_exactmetrics_sitenote_category":0,"footnotes":""},"tags":[],"portfolio_entries":[35,232],"class_list":["post-1198","portfolio","type-portfolio","status-publish","has-post-thumbnail","hentry","portfolio_entries-subproject-fr","portfolio_entries-hydromorphologie"],"acf":[],"yoast_head":"<!-- This site is optimized with the Yoast SEO plugin v27.4 - https:\/\/yoast.com\/product\/yoast-seo-wordpress\/ -->\n<title>Un maillage vert et bleu et la Woluwe \u00e0 ciel ouvert - LIFE Belini<\/title>\n<meta name=\"robots\" content=\"index, follow, max-snippet:-1, max-image-preview:large, max-video-preview:-1\" \/>\n<link rel=\"canonical\" href=\"https:\/\/www.life-belini.be\/fr\/portfolio-item\/un-maillage-vert-et-bleu-et-la-woluwe-a-ciel-ouvert\/\" \/>\n<meta property=\"og:locale\" content=\"fr_FR\" \/>\n<meta property=\"og:type\" content=\"article\" \/>\n<meta property=\"og:title\" content=\"Un maillage vert et bleu et la Woluwe \u00e0 ciel ouvert - LIFE Belini\" \/>\n<meta property=\"og:description\" content=\"Les espaces verts sont limit\u00e9s dans la r\u00e9gion dens\u00e9ment peupl\u00e9e qui encercle Bruxelles. En proc\u00e9dant \u00e0 l\u2019ouverture de la Woluwe \u00e0 Diegem et Zaventem, nous entendons cr\u00e9er un maillage vert et bleu qui s\u2019\u00e9tende de la for\u00eat de Soignes jusqu\u2019\u00e0 l\u2019embouchure de la rivi\u00e8re, \u00e0 Vilvorde.\" \/>\n<meta property=\"og:url\" content=\"https:\/\/www.life-belini.be\/fr\/portfolio-item\/un-maillage-vert-et-bleu-et-la-woluwe-a-ciel-ouvert\/\" \/>\n<meta property=\"og:site_name\" content=\"LIFE Belini\" \/>\n<meta property=\"article:modified_time\" content=\"2021-02-08T14:31:14+00:00\" \/>\n<meta property=\"og:image\" content=\"https:\/\/www.life-belini.be\/wp-content\/uploads\/2017\/11\/MG_4643_web.jpg\" \/>\n\t<meta property=\"og:image:width\" content=\"1024\" \/>\n\t<meta property=\"og:image:height\" content=\"683\" \/>\n\t<meta property=\"og:image:type\" content=\"image\/jpeg\" \/>\n<meta name=\"twitter:card\" content=\"summary_large_image\" \/>\n<meta name=\"twitter:label1\" content=\"Dur\u00e9e de lecture estim\u00e9e\" \/>\n\t<meta name=\"twitter:data1\" content=\"2 minutes\" \/>\n<script type=\"application\/ld+json\" class=\"yoast-schema-graph\">{\"@context\":\"https:\\\/\\\/schema.org\",\"@graph\":[{\"@type\":\"WebPage\",\"@id\":\"https:\\\/\\\/www.life-belini.be\\\/fr\\\/portfolio-item\\\/un-maillage-vert-et-bleu-et-la-woluwe-a-ciel-ouvert\\\/\",\"url\":\"https:\\\/\\\/www.life-belini.be\\\/fr\\\/portfolio-item\\\/un-maillage-vert-et-bleu-et-la-woluwe-a-ciel-ouvert\\\/\",\"name\":\"Un maillage vert et bleu et la Woluwe \u00e0 ciel ouvert - LIFE Belini\",\"isPartOf\":{\"@id\":\"https:\\\/\\\/www.life-belini.be\\\/nl\\\/#website\"},\"primaryImageOfPage\":{\"@id\":\"https:\\\/\\\/www.life-belini.be\\\/fr\\\/portfolio-item\\\/un-maillage-vert-et-bleu-et-la-woluwe-a-ciel-ouvert\\\/#primaryimage\"},\"image\":{\"@id\":\"https:\\\/\\\/www.life-belini.be\\\/fr\\\/portfolio-item\\\/un-maillage-vert-et-bleu-et-la-woluwe-a-ciel-ouvert\\\/#primaryimage\"},\"thumbnailUrl\":\"https:\\\/\\\/www.life-belini.be\\\/wp-content\\\/uploads\\\/2017\\\/11\\\/MG_4643_web.jpg\",\"datePublished\":\"2018-02-01T13:23:05+00:00\",\"dateModified\":\"2021-02-08T14:31:14+00:00\",\"breadcrumb\":{\"@id\":\"https:\\\/\\\/www.life-belini.be\\\/fr\\\/portfolio-item\\\/un-maillage-vert-et-bleu-et-la-woluwe-a-ciel-ouvert\\\/#breadcrumb\"},\"inLanguage\":\"fr-FR\",\"potentialAction\":[{\"@type\":\"ReadAction\",\"target\":[\"https:\\\/\\\/www.life-belini.be\\\/fr\\\/portfolio-item\\\/un-maillage-vert-et-bleu-et-la-woluwe-a-ciel-ouvert\\\/\"]}]},{\"@type\":\"ImageObject\",\"inLanguage\":\"fr-FR\",\"@id\":\"https:\\\/\\\/www.life-belini.be\\\/fr\\\/portfolio-item\\\/un-maillage-vert-et-bleu-et-la-woluwe-a-ciel-ouvert\\\/#primaryimage\",\"url\":\"https:\\\/\\\/www.life-belini.be\\\/wp-content\\\/uploads\\\/2017\\\/11\\\/MG_4643_web.jpg\",\"contentUrl\":\"https:\\\/\\\/www.life-belini.be\\\/wp-content\\\/uploads\\\/2017\\\/11\\\/MG_4643_web.jpg\",\"width\":1024,\"height\":683},{\"@type\":\"BreadcrumbList\",\"@id\":\"https:\\\/\\\/www.life-belini.be\\\/fr\\\/portfolio-item\\\/un-maillage-vert-et-bleu-et-la-woluwe-a-ciel-ouvert\\\/#breadcrumb\",\"itemListElement\":[{\"@type\":\"ListItem\",\"position\":1,\"name\":\"Home\",\"item\":\"https:\\\/\\\/www.life-belini.be\\\/fr\\\/home-2\\\/\"},{\"@type\":\"ListItem\",\"position\":2,\"name\":\"Un maillage vert et bleu et la Woluwe \u00e0 ciel ouvert\"}]},{\"@type\":\"WebSite\",\"@id\":\"https:\\\/\\\/www.life-belini.be\\\/nl\\\/#website\",\"url\":\"https:\\\/\\\/www.life-belini.be\\\/nl\\\/\",\"name\":\"LIFE Belini\",\"description\":\"Belgian initiative for making a leap forward towards good status in the river basin district of the Scheldt\",\"potentialAction\":[{\"@type\":\"SearchAction\",\"target\":{\"@type\":\"EntryPoint\",\"urlTemplate\":\"https:\\\/\\\/www.life-belini.be\\\/nl\\\/?s={search_term_string}\"},\"query-input\":{\"@type\":\"PropertyValueSpecification\",\"valueRequired\":true,\"valueName\":\"search_term_string\"}}],\"inLanguage\":\"fr-FR\"}]}<\/script>\n<!-- \/ Yoast SEO plugin. -->","yoast_head_json":{"title":"Un maillage vert et bleu et la Woluwe \u00e0 ciel ouvert - LIFE Belini","robots":{"index":"index","follow":"follow","max-snippet":"max-snippet:-1","max-image-preview":"max-image-preview:large","max-video-preview":"max-video-preview:-1"},"canonical":"https:\/\/www.life-belini.be\/fr\/portfolio-item\/un-maillage-vert-et-bleu-et-la-woluwe-a-ciel-ouvert\/","og_locale":"fr_FR","og_type":"article","og_title":"Un maillage vert et bleu et la Woluwe \u00e0 ciel ouvert - LIFE Belini","og_description":"Les espaces verts sont limit\u00e9s dans la r\u00e9gion dens\u00e9ment peupl\u00e9e qui encercle Bruxelles. En proc\u00e9dant \u00e0 l\u2019ouverture de la Woluwe \u00e0 Diegem et Zaventem, nous entendons cr\u00e9er un maillage vert et bleu qui s\u2019\u00e9tende de la for\u00eat de Soignes jusqu\u2019\u00e0 l\u2019embouchure de la rivi\u00e8re, \u00e0 Vilvorde.","og_url":"https:\/\/www.life-belini.be\/fr\/portfolio-item\/un-maillage-vert-et-bleu-et-la-woluwe-a-ciel-ouvert\/","og_site_name":"LIFE Belini","article_modified_time":"2021-02-08T14:31:14+00:00","og_image":[{"width":1024,"height":683,"url":"https:\/\/www.life-belini.be\/wp-content\/uploads\/2017\/11\/MG_4643_web.jpg","type":"image\/jpeg"}],"twitter_card":"summary_large_image","twitter_misc":{"Dur\u00e9e de lecture estim\u00e9e":"2 minutes"},"schema":{"@context":"https:\/\/schema.org","@graph":[{"@type":"WebPage","@id":"https:\/\/www.life-belini.be\/fr\/portfolio-item\/un-maillage-vert-et-bleu-et-la-woluwe-a-ciel-ouvert\/","url":"https:\/\/www.life-belini.be\/fr\/portfolio-item\/un-maillage-vert-et-bleu-et-la-woluwe-a-ciel-ouvert\/","name":"Un maillage vert et bleu et la Woluwe \u00e0 ciel ouvert - LIFE Belini","isPartOf":{"@id":"https:\/\/www.life-belini.be\/nl\/#website"},"primaryImageOfPage":{"@id":"https:\/\/www.life-belini.be\/fr\/portfolio-item\/un-maillage-vert-et-bleu-et-la-woluwe-a-ciel-ouvert\/#primaryimage"},"image":{"@id":"https:\/\/www.life-belini.be\/fr\/portfolio-item\/un-maillage-vert-et-bleu-et-la-woluwe-a-ciel-ouvert\/#primaryimage"},"thumbnailUrl":"https:\/\/www.life-belini.be\/wp-content\/uploads\/2017\/11\/MG_4643_web.jpg","datePublished":"2018-02-01T13:23:05+00:00","dateModified":"2021-02-08T14:31:14+00:00","breadcrumb":{"@id":"https:\/\/www.life-belini.be\/fr\/portfolio-item\/un-maillage-vert-et-bleu-et-la-woluwe-a-ciel-ouvert\/#breadcrumb"},"inLanguage":"fr-FR","potentialAction":[{"@type":"ReadAction","target":["https:\/\/www.life-belini.be\/fr\/portfolio-item\/un-maillage-vert-et-bleu-et-la-woluwe-a-ciel-ouvert\/"]}]},{"@type":"ImageObject","inLanguage":"fr-FR","@id":"https:\/\/www.life-belini.be\/fr\/portfolio-item\/un-maillage-vert-et-bleu-et-la-woluwe-a-ciel-ouvert\/#primaryimage","url":"https:\/\/www.life-belini.be\/wp-content\/uploads\/2017\/11\/MG_4643_web.jpg","contentUrl":"https:\/\/www.life-belini.be\/wp-content\/uploads\/2017\/11\/MG_4643_web.jpg","width":1024,"height":683},{"@type":"BreadcrumbList","@id":"https:\/\/www.life-belini.be\/fr\/portfolio-item\/un-maillage-vert-et-bleu-et-la-woluwe-a-ciel-ouvert\/#breadcrumb","itemListElement":[{"@type":"ListItem","position":1,"name":"Home","item":"https:\/\/www.life-belini.be\/fr\/home-2\/"},{"@type":"ListItem","position":2,"name":"Un maillage vert et bleu et la Woluwe \u00e0 ciel ouvert"}]},{"@type":"WebSite","@id":"https:\/\/www.life-belini.be\/nl\/#website","url":"https:\/\/www.life-belini.be\/nl\/","name":"LIFE Belini","description":"Belgian initiative for making a leap forward towards good status in the river basin district of the Scheldt","potentialAction":[{"@type":"SearchAction","target":{"@type":"EntryPoint","urlTemplate":"https:\/\/www.life-belini.be\/nl\/?s={search_term_string}"},"query-input":{"@type":"PropertyValueSpecification","valueRequired":true,"valueName":"search_term_string"}}],"inLanguage":"fr-FR"}]}},"_links":{"self":[{"href":"https:\/\/www.life-belini.be\/fr\/wp-json\/wp\/v2\/portfolio\/1198","targetHints":{"allow":["GET"]}}],"collection":[{"href":"https:\/\/www.life-belini.be\/fr\/wp-json\/wp\/v2\/portfolio"}],"about":[{"href":"https:\/\/www.life-belini.be\/fr\/wp-json\/wp\/v2\/types\/portfolio"}],"author":[{"embeddable":true,"href":"https:\/\/www.life-belini.be\/fr\/wp-json\/wp\/v2\/users\/6"}],"replies":[{"embeddable":true,"href":"https:\/\/www.life-belini.be\/fr\/wp-json\/wp\/v2\/comments?post=1198"}],"version-history":[{"count":0,"href":"https:\/\/www.life-belini.be\/fr\/wp-json\/wp\/v2\/portfolio\/1198\/revisions"}],"wp:featuredmedia":[{"embeddable":true,"href":"https:\/\/www.life-belini.be\/fr\/wp-json\/wp\/v2\/media\/3194"}],"wp:attachment":[{"href":"https:\/\/www.life-belini.be\/fr\/wp-json\/wp\/v2\/media?parent=1198"}],"wp:term":[{"taxonomy":"post_tag","embeddable":true,"href":"https:\/\/www.life-belini.be\/fr\/wp-json\/wp\/v2\/tags?post=1198"},{"taxonomy":"portfolio_entries","embeddable":true,"href":"https:\/\/www.life-belini.be\/fr\/wp-json\/wp\/v2\/portfolio_entries?post=1198"}],"curies":[{"name":"wp","href":"https:\/\/api.w.org\/{rel}","templated":true}]}}